{"id":3765,"date":"2019-12-06T12:07:55","date_gmt":"2019-12-06T11:07:55","guid":{"rendered":"https:\/\/papirol.si\/product-assortment\/paper-carrier-bags\/nosilne-vrecke-bela-natura-ploscati-rocaj\/"},"modified":"2019-12-06T12:07:55","modified_gmt":"2019-12-06T11:07:55","slug":"tragetaschen-weis-natura-ploscati-rocaj","status":"publish","type":"page","link":"https:\/\/papirol.si\/de\/product-assortment\/paper-carrier-bags\/nosilne-vrecke-bela-natura-ploscati-rocaj\/","title":{"rendered":"Tragetaschen wei\u00df natur mit flachem Griff"},"content":{"rendered":"<p><img fetchpriority=\"high\" decoding=\"async\" width=\"672\" height=\"1024\" src=\"https:\/\/papirol.si\/wp-content\/uploads\/2020\/05\/vre\u010dka-bela-papirol-672x1024.png\" alt=\"\" srcset=\"https:\/\/papirol.si\/wp-content\/uploads\/2020\/05\/vre\u010dka-bela-papirol-672x1024.png 672w, https:\/\/papirol.si\/wp-content\/uploads\/2020\/05\/vre\u010dka-bela-papirol-197x300.png 197w, https:\/\/papirol.si\/wp-content\/uploads\/2020\/05\/vre\u010dka-bela-papirol-768x1171.png 768w, https:\/\/papirol.si\/wp-content\/uploads\/2020\/05\/vre\u010dka-bela-papirol-1007x1536.png 1007w, https:\/\/papirol.si\/wp-content\/uploads\/2020\/05\/vre\u010dka-bela-papirol-1343x2048.png 1343w, https:\/\/papirol.si\/wp-content\/uploads\/2020\/05\/vre\u010dka-bela-papirol-285x435.png 285w, https:\/\/papirol.si\/wp-content\/uploads\/2020\/05\/vre\u010dka-bela-papirol-1600x2440.png 1600w, https:\/\/papirol.si\/wp-content\/uploads\/2020\/05\/vre\u010dka-bela-papirol-433x660.png 433w, https:\/\/papirol.si\/wp-content\/uploads\/2020\/05\/vre\u010dka-bela-papirol-98x150.png 98w\" sizes=\"(max-width: 672px) 100vw, 672px\" \/><br \/>\n\t\t\t\t\t\t\t\t\t\t<img decoding=\"async\" width=\"410\" height=\"638\" src=\"https:\/\/papirol.si\/wp-content\/uploads\/2020\/02\/nosilna-vre\u010dka-skica-plo\u0161\u010dati-ro\u010daj.jpg\" alt=\"Tragetasche - Skizze - Papyrol\" srcset=\"https:\/\/papirol.si\/wp-content\/uploads\/2020\/02\/nosilna-vre\u010dka-skica-plo\u0161\u010dati-ro\u010daj.jpg 410w, https:\/\/papirol.si\/wp-content\/uploads\/2020\/02\/nosilna-vre\u010dka-skica-plo\u0161\u010dati-ro\u010daj-193x300.jpg 193w, https:\/\/papirol.si\/wp-content\/uploads\/2020\/02\/nosilna-vre\u010dka-skica-plo\u0161\u010dati-ro\u010daj-285x443.jpg 285w, https:\/\/papirol.si\/wp-content\/uploads\/2020\/02\/nosilna-vre\u010dka-skica-plo\u0161\u010dati-ro\u010daj-96x150.jpg 96w\" sizes=\"(max-width: 410px) 100vw, 410px\" \/>\t\t\t\t\t\t\t\t\t\t\t<\/p>\n<p>Die Tragetaschen aus wei\u00dfem Natronpapier sind aus wei\u00dfem, glattem Natronpapier hergestellt, mit einem sehr praktischen flachen Papiergriff in der Farbe der Tasche.<\/p>\n<p>Das Papiergewicht ist auf die Gr\u00f6\u00dfe abgestimmt, so dass jede Tasche eine gute Steifigkeit und Tragf\u00e4higkeit f\u00fcr ihre Gr\u00f6\u00dfe hat.<\/p>\n<p>Sie sind eine gro\u00dfartige Alternative zu Plastikt\u00fcten, wiederverwendbar und umweltfreundlich, wenn sie richtig verwendet werden.\u00a0<\/p>\n<p>Einige haben einen sehr breiten Boden und eignen sich besonders f\u00fcr Lunchpakete oder Produkte zum Mitnehmen.<\/p>\n<p>Kein Druckstock, sofort lieferbar, auch in kleinen Mengen.<\/p>\n<h2>Druck auf Taschen<\/h2>\n<p>Papiert\u00fcten werden ein- oder mehrfarbig in hoher Qualit\u00e4t bedruckt.<br \/>Die M\u00f6glichkeit, gleichzeitig mit der Bearbeitung des Beutels zu drucken, erm\u00f6glicht das Bedrucken der gesamten Oberfl\u00e4che des Beutels, einschlie\u00dflich des Beutelbodens, optional auch im Inneren des Beutels.<br \/>Bis hin zum Bedrucken von vorgefertigten Beuteln, was das Bedrucken von kleinen Mengen erm\u00f6glicht.<br \/>\n<strong>Drucktechniken:<\/strong><\/p>\n<ul>\n<li>Mehrfarbiger Flexodruck von der Linie auf alle Arten von Papiers\u00e4cken<\/li>\n<li>Mehrfarbiger Sieb- oder Flexodruck auf alle Arten von Papiers\u00e4cken<\/li>\n<\/ul>\n<p><strong>Drucken:<\/strong><\/p>\n<ul>\n<li>kontinuierlicher oder positionierter, mehrfarbiger Druck, ein- oder beidseitig<\/li>\n<li>auf der gesamten Oberfl\u00e4che, auf einer oder beiden Seiten, einschlie\u00dflich der Seitenr\u00e4nder und des Bodens des Beutels<\/li>\n<\/ul>\n<table data-minrequestedwidth=\"436.43695068359375\" data-computedwidth=\"436.43695068359375\">\n<tbody>\n<tr>\n<td><b>Name des Produkts<\/b><\/td>\n<td>\n<b>Standardabmessungen<\/b><\/td>\n<td>\n<b>Verpackung<\/b><b>e<\/b><\/td>\n<\/tr>\n<tr>\n<td>\nTragetasche wei\u00df natura BP<\/td>\n<td>\n18 x 8 x 22 cm<\/td>\n<td>\n500 St\u00fcck<\/td>\n<\/tr>\n<tr>\n<td>\nTragetasche wei\u00df natura BP<\/td>\n<td>\n22 x 10 x 28 cm<\/td>\n<td>\n250 St\u00fcck<\/td>\n<\/tr>\n<tr>\n<td>\nTragetasche wei\u00df natura BP<\/td>\n<td>\n26 x 17 x 25 cm<\/td>\n<td>\n250 St\u00fcck<\/td>\n<\/tr>\n<tr>\n<td>\nTragetasche wei\u00df natura BP<\/td>\n<td>\n32 x 17 x 27 cm<\/td>\n<td>\n250 St\u00fcck<\/td>\n<\/tr>\n<tr>\n<td>\nTragetasche wei\u00df natura BP<\/td>\n<td>\n32 x 21,5 x 27 cm<\/td>\n<td>\n250 St\u00fcck<\/td>\n<\/tr>\n<tr>\n<td>\nTragetasche wei\u00df natura BP<\/td>\n<td>\n26 x 12 x 35 cm<\/td>\n<td>\n250 St\u00fcck<\/td>\n<\/tr>\n<tr>\n<td>\nTragetasche wei\u00df natura BP<\/td>\n<td>\n32 x 17 x 43 cm<\/td>\n<td>\n250 St\u00fcck<\/td>\n<\/tr>\n<tr>\n<td>\nTragetasche wei\u00df natura BP<\/td>\n<td>\n45 x 17 x 48 cm<\/td>\n<td>\n150 St\u00fcck<\/td>\n<\/tr>\n<\/tbody>\n<\/table>\n<h2>Verwenden Sie umweltfreundliche Verpackungen!<\/h2>\n<p>\t\t\t\t<a   href=\"https:\/\/papirol.si\/de\/anfrage\/tragetaschen\/\">Senden Sie Ihre Anfrage<\/a><\/p>","protected":false},"excerpt":{"rendered":"<p>Papirnate nosilne vre\u010dke bela natura so izdelane iz belega gladkega natron papirja, z zelo uporabnim papirnatim plo\u0161\u010datim ro\u010dajem,&#8230;<\/p>","protected":false},"author":5,"featured_media":0,"parent":3213,"menu_order":0,"comment_status":"closed","ping_status":"closed","template":"elementor_header_footer","meta":{"footnotes":""},"class_list":["post-3765","page","type-page","status-publish","hentry"],"yoast_head":"<!-- This site is optimized with the Yoast SEO plugin v27.3 - https:\/\/yoast.com\/product\/yoast-seo-wordpress\/ -->\n<title>Nosilne vre\u010dke bela natura s plo\u0161\u010datim ro\u010dajem | Papirol<\/title>\n<meta name=\"robots\" content=\"index, follow, max-snippet:-1, max-image-preview:large, max-video-preview:-1\" \/>\n<link rel=\"canonical\" href=\"https:\/\/papirol.si\/de\/produktsortiment-2\/papiertragetaschen-2\/tragetaschen-weis-natura-ploscati-rocaj\/\" \/>\n<meta property=\"og:locale\" content=\"de_DE\" \/>\n<meta property=\"og:type\" content=\"article\" \/>\n<meta property=\"og:title\" content=\"Nosilne vre\u010dke bela natura s plo\u0161\u010datim ro\u010dajem | Papirol\" \/>\n<meta property=\"og:description\" content=\"Papirnate nosilne vre\u010dke bela natura so izdelane iz belega gladkega natron papirja, z zelo uporabnim papirnatim plo\u0161\u010datim ro\u010dajem,...\" \/>\n<meta property=\"og:url\" content=\"https:\/\/papirol.si\/de\/produktsortiment-2\/papiertragetaschen-2\/tragetaschen-weis-natura-ploscati-rocaj\/\" \/>\n<meta property=\"og:site_name\" content=\"Papirol\" \/>\n<meta name=\"twitter:card\" content=\"summary_large_image\" \/>\n<meta name=\"twitter:label1\" content=\"Gesch\u00e4tzte Lesezeit\" \/>\n\t<meta name=\"twitter:data1\" content=\"2\u00a0Minuten\" \/>\n<script type=\"application\/ld+json\" class=\"yoast-schema-graph\">{\"@context\":\"https:\\\/\\\/schema.org\",\"@graph\":[{\"@type\":\"WebPage\",\"@id\":\"https:\\\/\\\/papirol.si\\\/en\\\/product-assortment\\\/paper-carrier-bags\\\/nosilne-vrecke-bela-natura-ploscati-rocaj\\\/\",\"url\":\"https:\\\/\\\/papirol.si\\\/en\\\/product-assortment\\\/paper-carrier-bags\\\/nosilne-vrecke-bela-natura-ploscati-rocaj\\\/\",\"name\":\"Nosilne vre\u010dke bela natura s plo\u0161\u010datim ro\u010dajem | Papirol\",\"isPartOf\":{\"@id\":\"https:\\\/\\\/papirol.si\\\/#website\"},\"datePublished\":\"2019-12-06T11:07:55+00:00\",\"breadcrumb\":{\"@id\":\"https:\\\/\\\/papirol.si\\\/en\\\/product-assortment\\\/paper-carrier-bags\\\/nosilne-vrecke-bela-natura-ploscati-rocaj\\\/#breadcrumb\"},\"inLanguage\":\"de\",\"potentialAction\":[{\"@type\":\"ReadAction\",\"target\":[\"https:\\\/\\\/papirol.si\\\/en\\\/product-assortment\\\/paper-carrier-bags\\\/nosilne-vrecke-bela-natura-ploscati-rocaj\\\/\"]}]},{\"@type\":\"BreadcrumbList\",\"@id\":\"https:\\\/\\\/papirol.si\\\/en\\\/product-assortment\\\/paper-carrier-bags\\\/nosilne-vrecke-bela-natura-ploscati-rocaj\\\/#breadcrumb\",\"itemListElement\":[{\"@type\":\"ListItem\",\"position\":1,\"name\":\"Home\",\"item\":\"https:\\\/\\\/papirol.si\\\/\"},{\"@type\":\"ListItem\",\"position\":2,\"name\":\"Product assortment\",\"item\":\"https:\\\/\\\/papirol.si\\\/de\\\/produktsortiment\\\/\"},{\"@type\":\"ListItem\",\"position\":3,\"name\":\"Paper carrier bags\",\"item\":\"https:\\\/\\\/papirol.si\\\/de\\\/produktsortiment\\\/papier-tragetaschen\\\/\"},{\"@type\":\"ListItem\",\"position\":4,\"name\":\"Nosilne vre\u010dke bela natura s plo\u0161\u010datim ro\u010dajem\"}]},{\"@type\":\"WebSite\",\"@id\":\"https:\\\/\\\/papirol.si\\\/#website\",\"url\":\"https:\\\/\\\/papirol.si\\\/\",\"name\":\"Papirol\",\"description\":\"Obla\u010dimo va\u0161e izdelke \u017ee 36 let!\",\"publisher\":{\"@id\":\"https:\\\/\\\/papirol.si\\\/#organization\"},\"potentialAction\":[{\"@type\":\"SearchAction\",\"target\":{\"@type\":\"EntryPoint\",\"urlTemplate\":\"https:\\\/\\\/papirol.si\\\/?s={search_term_string}\"},\"query-input\":{\"@type\":\"PropertyValueSpecification\",\"valueRequired\":true,\"valueName\":\"search_term_string\"}}],\"inLanguage\":\"de\"},{\"@type\":\"Organization\",\"@id\":\"https:\\\/\\\/papirol.si\\\/#organization\",\"name\":\"Papirol\",\"url\":\"https:\\\/\\\/papirol.si\\\/\",\"logo\":{\"@type\":\"ImageObject\",\"inLanguage\":\"de\",\"@id\":\"https:\\\/\\\/papirol.si\\\/#\\\/schema\\\/logo\\\/image\\\/\",\"url\":\"https:\\\/\\\/papirol.si\\\/wp-content\\\/uploads\\\/2019\\\/12\\\/papirol-bela.png\",\"contentUrl\":\"https:\\\/\\\/papirol.si\\\/wp-content\\\/uploads\\\/2019\\\/12\\\/papirol-bela.png\",\"width\":400,\"height\":80,\"caption\":\"Papirol\"},\"image\":{\"@id\":\"https:\\\/\\\/papirol.si\\\/#\\\/schema\\\/logo\\\/image\\\/\"}}]}<\/script>\n<!-- \/ Yoast SEO plugin. -->","yoast_head_json":{"title":"Tragetaschen wei\u00df natur mit flachem Griff | Papirol","robots":{"index":"index","follow":"follow","max-snippet":"max-snippet:-1","max-image-preview":"max-image-preview:large","max-video-preview":"max-video-preview:-1"},"canonical":"https:\/\/papirol.si\/de\/produktsortiment-2\/papiertragetaschen-2\/tragetaschen-weis-natura-ploscati-rocaj\/","og_locale":"de_DE","og_type":"article","og_title":"Nosilne vre\u010dke bela natura s plo\u0161\u010datim ro\u010dajem | Papirol","og_description":"Papirnate nosilne vre\u010dke bela natura so izdelane iz belega gladkega natron papirja, z zelo uporabnim papirnatim plo\u0161\u010datim ro\u010dajem,...","og_url":"https:\/\/papirol.si\/de\/produktsortiment-2\/papiertragetaschen-2\/tragetaschen-weis-natura-ploscati-rocaj\/","og_site_name":"Papirol","twitter_card":"summary_large_image","twitter_misc":{"Gesch\u00e4tzte Lesezeit":"2\u00a0Minuten"},"schema":{"@context":"https:\/\/schema.org","@graph":[{"@type":"WebPage","@id":"https:\/\/papirol.si\/en\/product-assortment\/paper-carrier-bags\/nosilne-vrecke-bela-natura-ploscati-rocaj\/","url":"https:\/\/papirol.si\/en\/product-assortment\/paper-carrier-bags\/nosilne-vrecke-bela-natura-ploscati-rocaj\/","name":"Tragetaschen wei\u00df natur mit flachem Griff | Papirol","isPartOf":{"@id":"https:\/\/papirol.si\/#website"},"datePublished":"2019-12-06T11:07:55+00:00","breadcrumb":{"@id":"https:\/\/papirol.si\/en\/product-assortment\/paper-carrier-bags\/nosilne-vrecke-bela-natura-ploscati-rocaj\/#breadcrumb"},"inLanguage":"de","potentialAction":[{"@type":"ReadAction","target":["https:\/\/papirol.si\/en\/product-assortment\/paper-carrier-bags\/nosilne-vrecke-bela-natura-ploscati-rocaj\/"]}]},{"@type":"BreadcrumbList","@id":"https:\/\/papirol.si\/en\/product-assortment\/paper-carrier-bags\/nosilne-vrecke-bela-natura-ploscati-rocaj\/#breadcrumb","itemListElement":[{"@type":"ListItem","position":1,"name":"Home","item":"https:\/\/papirol.si\/"},{"@type":"ListItem","position":2,"name":"Product assortment","item":"https:\/\/papirol.si\/de\/produktsortiment\/"},{"@type":"ListItem","position":3,"name":"Paper carrier bags","item":"https:\/\/papirol.si\/de\/produktsortiment\/papier-tragetaschen\/"},{"@type":"ListItem","position":4,"name":"Nosilne vre\u010dke bela natura s plo\u0161\u010datim ro\u010dajem"}]},{"@type":"WebSite","@id":"https:\/\/papirol.si\/#website","url":"https:\/\/papirol.si\/","name":"Papirol","description":"Wir kleiden Ihre Produkte seit 36 Jahren ein!","publisher":{"@id":"https:\/\/papirol.si\/#organization"},"potentialAction":[{"@type":"SearchAction","target":{"@type":"EntryPoint","urlTemplate":"https:\/\/papirol.si\/?s={search_term_string}"},"query-input":{"@type":"PropertyValueSpecification","valueRequired":true,"valueName":"search_term_string"}}],"inLanguage":"de"},{"@type":"Organization","@id":"https:\/\/papirol.si\/#organization","name":"Papirol","url":"https:\/\/papirol.si\/","logo":{"@type":"ImageObject","inLanguage":"de","@id":"https:\/\/papirol.si\/#\/schema\/logo\/image\/","url":"https:\/\/papirol.si\/wp-content\/uploads\/2019\/12\/papirol-bela.png","contentUrl":"https:\/\/papirol.si\/wp-content\/uploads\/2019\/12\/papirol-bela.png","width":400,"height":80,"caption":"Papirol"},"image":{"@id":"https:\/\/papirol.si\/#\/schema\/logo\/image\/"}}]}},"_links":{"self":[{"href":"https:\/\/papirol.si\/de\/wp-json\/wp\/v2\/pages\/3765","targetHints":{"allow":["GET"]}}],"collection":[{"href":"https:\/\/papirol.si\/de\/wp-json\/wp\/v2\/pages"}],"about":[{"href":"https:\/\/papirol.si\/de\/wp-json\/wp\/v2\/types\/page"}],"author":[{"embeddable":true,"href":"https:\/\/papirol.si\/de\/wp-json\/wp\/v2\/users\/5"}],"replies":[{"embeddable":true,"href":"https:\/\/papirol.si\/de\/wp-json\/wp\/v2\/comments?post=3765"}],"version-history":[{"count":0,"href":"https:\/\/papirol.si\/de\/wp-json\/wp\/v2\/pages\/3765\/revisions"}],"up":[{"embeddable":true,"href":"https:\/\/papirol.si\/de\/wp-json\/wp\/v2\/pages\/3213"}],"wp:attachment":[{"href":"https:\/\/papirol.si\/de\/wp-json\/wp\/v2\/media?parent=3765"}],"curies":[{"name":"wp","href":"https:\/\/api.w.org\/{rel}","templated":true}]}}